{"id":12888,"date":"2021-04-03T20:40:51","date_gmt":"2021-04-03T18:40:51","guid":{"rendered":"https:\/\/margarita.gallery\/jenney-laza-jackson\/"},"modified":"2021-07-31T12:00:41","modified_gmt":"2021-07-31T10:00:41","slug":"jenney-laza-jackson","status":"publish","type":"page","link":"https:\/\/margarita.gallery\/es\/jenney-laza-jackson\/","title":{"rendered":"Jenney Laza-Jackson"},"content":{"rendered":"<p>[vc_row][vc_column offset=\u00bbvc_hidden-sm vc_hidden-xs\u00bb][cz_gap][\/vc_column][\/vc_row][vc_row][vc_column][cz_svg svg=\u00bb2&#8243; parallax_h=\u00bbvmouse\u00bb parallax=\u00bb1&#8243; mparallax=\u00bb3&#8243; css_animation=\u00bbfadeInDown\u00bb id=\u00bbcz_104313&#8243; img=\u00bb10765&#8243; pos=\u00bb-48px\u00bb][cz_gap][\/vc_column][\/vc_row][vc_row][vc_column width=\u00bb1\/2&#8243; offset=\u00bbvc_hidden-md vc_hidden-sm vc_hidden-xs\u00bb][cz_gap]<div id=\"cz_102202\" class=\"cz_102202 cz_title clr cz_title_pos_inline\"><div class=\"cz_title_content\"><span class=\"cz_line_side_solo\">_<\/span><div class=\"cz_wpe_content\"><h3><span style=\"font-size: 38px; color: #000000;\">Jenney Laza-Jackson<\/span><\/h3>\n<ul>\n<li><span style=\"color: #999999; font-size: 18px;\">Naci\u00f3 el 1971 en Cojimar, Cuba<\/span><\/li>\n<li><span style=\"color: #999999; font-size: 18px;\">A mediados de los 20, emigr\u00f3 a los EE.UU. a Hollywood, Florida<\/span><\/li>\n<li><span style=\"color: #999999; font-size: 18px;\"> Actualmente vive en las Islas Caim\u00e1n<\/span><\/li>\n<\/ul>\n<\/div><\/div><\/div>[cz_gap height=\u00bb150px\u00bb]<div id=\"cz_29685\" class=\"cz_29685 cz_title clr cz_title_has_bg cz_title_has_border cz_title_pos_inline\"><div class=\"cz_title_content\"><div class=\"cz_wpe_content\"><span style=\"color: #ffffff;\"><span style=\"font-size: 18px;\">Desde mi infancia desarroll\u00e9 una relaci\u00f3n natural con el arte. M\u00e1s tarde, estudi\u00e9 en la universidad para ser profesora de arte y me sumerg\u00ed en la escena art\u00edstica de La Habana. En esa \u00e9poca, prob\u00e9 muchos g\u00e9neros art\u00edsticos diferentes hasta que encontr\u00e9 mis propias preferencias. Me ganaba la vida vendiendo trabajos de cer\u00e1mica, aceptando restauraciones y trabajos por encargo. <\/span><\/span><\/div><\/div><\/div>[\/vc_column][vc_column width=\u00bb1\/2&#8243; offset=\u00bbvc_hidden-md vc_hidden-sm vc_hidden-xs\u00bb][cz_image css_animation=\u00bbflipInY\u00bb id=\u00bbcz_22298&#8243; image=\u00bb10766&#8243; sk_css=\u00bbborder-style:solid;border-width:1px;border-color:#ffffff;border-radius:2px;box-shadow:1px 1px 1px 0px #848484;\u00bb css_width=\u00bb500px\u00bb][\/cz_image][\/vc_column][\/vc_row][vc_row][vc_column width=\u00bb1\/2&#8243; offset=\u00bbvc_hidden-lg vc_hidden-sm vc_hidden-xs\u00bb][cz_gap]<div id=\"cz_102202\" class=\"cz_102202 cz_title clr cz_title_pos_inline\"><div class=\"cz_title_content\"><span class=\"cz_line_side_solo\">_<\/span><div class=\"cz_wpe_content\"><h3><span style=\"font-size: 38px; color: #000000;\">Jenney Laza-Jackson<\/span><\/h3>\n<ul>\n<li><span style=\"color: #999999; font-size: 18px;\">Naci\u00f3 el 1971 en Cojimar, Cuba<\/span><\/li>\n<li><span style=\"color: #999999; font-size: 18px;\">A mediados de los 20, emigr\u00f3 a los EE.UU. a Hollywood, Florida<\/span><\/li>\n<li><span style=\"color: #999999; font-size: 18px;\"> Actualmente vive en las Islas Caim\u00e1n<\/span><\/li>\n<\/ul>\n<\/div><\/div><\/div>[cz_gap height=\u00bb85px\u00bb]<div id=\"cz_29685\" class=\"cz_29685 cz_title clr cz_title_has_bg cz_title_has_border cz_title_pos_inline\"><div class=\"cz_title_content\"><div class=\"cz_wpe_content\"><span style=\"color: #ffffff;\"><span style=\"font-size: 18px;\">Desde mi infancia desarroll\u00e9 una relaci\u00f3n natural con el arte. M\u00e1s tarde, estudi\u00e9 en la universidad para ser profesora de arte y me sumerg\u00ed en la escena art\u00edstica de La Habana. En esa \u00e9poca, prob\u00e9 muchos g\u00e9neros art\u00edsticos diferentes hasta que encontr\u00e9 mis propias preferencias. Me ganaba la vida vendiendo trabajos de cer\u00e1mica, aceptando restauraciones y trabajos por encargo. <\/span><\/span><\/div><\/div><\/div>[\/vc_column][vc_column width=\u00bb1\/2&#8243; offset=\u00bbvc_hidden-lg vc_hidden-sm vc_hidden-xs\u00bb][cz_image css_animation=\u00bbflipInY\u00bb id=\u00bbcz_102810&#8243; image=\u00bb10766&#8243; sk_css=\u00bbborder-style:solid;border-width:1px;border-color:#ffffff;border-radius:2px;box-shadow:1px 1px 1px 0px #848484;\u00bb css_width=\u00bb450px\u00bb]&nbsp;<\/p>\n<p>&nbsp;[\/cz_image][\/vc_column][\/vc_row][vc_row][vc_column width=\u00bb1\/2&#8243; offset=\u00bbvc_hidden-lg vc_hidden-md vc_hidden-xs\u00bb][cz_gap]<div id=\"cz_101550\" class=\"cz_101550 cz_title clr cz_title_pos_inline\"><div class=\"cz_title_content\"><span class=\"cz_line_side_solo\">_<\/span><div class=\"cz_wpe_content\"><h3><span style=\"font-size: 38px; color: #000000;\">Jenney Laza-Jackson<\/span><\/h3>\n<ul>\n<li><span style=\"color: #999999; font-size: 18px;\">Naci\u00f3 el 1971 en Cojimar, Cuba<\/span><\/li>\n<li><span style=\"color: #999999; font-size: 18px;\">A mediados de los 20, emigr\u00f3 a los EE.UU. a Hollywood, Florida<\/span><\/li>\n<li><span style=\"color: #999999; font-size: 18px;\"> Actualmente vive en las Islas Caim\u00e1n<\/span><\/li>\n<\/ul>\n<\/div><\/div><\/div>[\/vc_column][vc_column width=\u00bb1\/2&#8243; offset=\u00bbvc_hidden-lg vc_hidden-md vc_hidden-xs\u00bb][cz_image css_animation=\u00bbflipInY\u00bb id=\u00bbcz_44116&#8243; image=\u00bb10766&#8243; sk_css=\u00bbborder-style:solid;border-width:1px;border-color:#ffffff;border-radius:2px;box-shadow:1px 1px 1px 0px #848484;\u00bb css_width=\u00bb300px\u00bb]&nbsp;<\/p>\n<p>&nbsp;[\/cz_image][\/vc_column][\/vc_row][vc_row][vc_column offset=\u00bbvc_hidden-lg vc_hidden-md vc_hidden-xs\u00bb]<div id=\"cz_29685\" class=\"cz_29685 cz_title clr cz_title_has_bg cz_title_has_border cz_title_pos_inline\"><div class=\"cz_title_content\"><div class=\"cz_wpe_content\"><span style=\"color: #ffffff;\"><span style=\"font-size: 18px;\">Desde mi infancia desarroll\u00e9 una relaci\u00f3n natural con el arte. M\u00e1s tarde, estudi\u00e9 en la universidad para ser profesora de arte y me sumerg\u00ed en la escena art\u00edstica de La Habana. En esa \u00e9poca, prob\u00e9 muchos g\u00e9neros art\u00edsticos diferentes hasta que encontr\u00e9 mis propias preferencias. Me ganaba la vida vendiendo trabajos de cer\u00e1mica, aceptando restauraciones y trabajos por encargo. <\/span><\/span><\/div><\/div><\/div>[\/vc_column][\/vc_row][vc_row][vc_column width=\u00bb1\/2&#8243; offset=\u00bbvc_hidden-lg vc_hidden-md vc_hidden-sm\u00bb]<div id=\"cz_18052\" class=\"cz_18052 cz_title clr cz_title_pos_inline\"><div class=\"cz_title_content\"><span class=\"cz_line_side_solo\">_<\/span><div class=\"cz_wpe_content\"><h3><span style=\"font-size: 38px; color: #000000;\">Jenney<br \/>\nLaza-Jackson<\/span><\/h3>\n<ul>\n<li><span style=\"color: #999999; font-size: 18px;\">Naci\u00f3 el 1971 en Cojimar, Cuba<\/span><\/li>\n<li><span style=\"color: #999999; font-size: 18px;\">A mediados de los 20, emigr\u00f3 a los EE.UU. a Hollywood, Florida<\/span><\/li>\n<li><span style=\"color: #999999; font-size: 18px;\"> Actualmente vive en las Islas Caim\u00e1n<\/span><\/li>\n<\/ul>\n<\/div><\/div><\/div>[cz_gap height=\u00bb30px\u00bb][cz_image css_animation=\u00bbflipInY\u00bb id=\u00bbcz_85643&#8243; image=\u00bb10766&#8243; sk_css=\u00bbborder-style:solid;border-width:1px;border-color:#ffffff;border-radius:2px;box-shadow:1px 1px 1px 0px #848484;\u00bb][\/cz_image][cz_gap height=\u00bb30px\u00bb][\/vc_column][vc_column width=\u00bb1\/2&#8243; offset=\u00bbvc_hidden-lg vc_hidden-md vc_hidden-sm\u00bb]<div id=\"cz_85448\" class=\"cz_85448 cz_title clr cz_title_has_bg cz_title_has_border cz_title_pos_inline\"><div class=\"cz_title_content\"><div class=\"cz_wpe_content\"><span style=\"color: #ffffff;\"><span style=\"font-size: 18px;\">Desde mi infancia desarroll\u00e9 una relaci\u00f3n natural con el arte. M\u00e1s tarde, estudi\u00e9 en la universidad para ser profesora de arte y me sumerg\u00ed en la escena art\u00edstica de La Habana. En esa \u00e9poca, prob\u00e9 muchos g\u00e9neros art\u00edsticos diferentes hasta que encontr\u00e9 mis propias preferencias. Me ganaba la vida vendiendo trabajos de cer\u00e1mica, aceptando restauraciones y trabajos por encargo. <\/span><\/span><\/div><\/div><\/div>[cz_gap height=\u00bb30px\u00bb][\/vc_column][\/vc_row][vc_row][vc_column offset=\u00bbvc_hidden-md vc_hidden-sm vc_hidden-xs\u00bb][cz_gap height=\u00bb70px\u00bb][cz_quote style=\u00bbcz_quote_arrow cz_quote_center\u00bb name=\u00bb\u00bb subname=\u00bb\u00bb rating=\u00bb\u00bb quote_position=\u00bbabsolute;top: 10%;left: 10%;\u00bb css_animation=\u00bbbounceIn\u00bb id=\u00bbcz_17948&#8243; quote_color=\u00bb#94bc4d\u00bb]<\/p>\n<p style=\"text-align: center;\"><span style=\"color: #666666; font-size: 30px;\">Para m\u00ed el arte es una poderosa herramienta para desarrollar la propia personalidad<br \/>\n<\/span><span style=\"color: #666666; font-size: 30px;\">y expresar los pensamientos y sentimientos. <\/span>[\/cz_quote][cz_gap height=\u00bb47px2&#8243;][\/vc_column][\/vc_row][vc_row][vc_column offset=\u00bbvc_hidden-lg vc_hidden-sm vc_hidden-xs\u00bb][cz_quote style=\u00bbcz_quote_arrow cz_quote_center\u00bb name=\u00bb\u00bb subname=\u00bb\u00bb rating=\u00bb\u00bb quote_position=\u00bbabsolute;top: 10%;left: 10%;\u00bb css_animation=\u00bbbounceIn\u00bb id=\u00bbcz_28003&#8243; quote_color=\u00bb#94bc4d\u00bb]<\/p>\n<p style=\"text-align: center;\"><span style=\"color: #666666; font-size: 30px;\">Para m\u00ed el arte es una poderosa herramienta para desarrollar<br \/>\nla propia personalidad\u00a0<\/span><span style=\"color: #666666; font-size: 30px;\">y expresar los pensamientos y sentimientos. <\/span>[\/cz_quote][cz_gap height=\u00bb47px2&#8243;][\/vc_column][\/vc_row][vc_row][vc_column offset=\u00bbvc_hidden-lg vc_hidden-md vc_hidden-xs\u00bb][cz_gap][cz_quote style=\u00bbcz_quote_arrow cz_quote_center\u00bb name=\u00bb\u00bb subname=\u00bb\u00bb rating=\u00bb\u00bb quote_position=\u00bbabsolute;top: 10%;left: 10%;\u00bb css_animation=\u00bbbounceIn\u00bb id=\u00bbcz_49996&#8243; quote_color=\u00bb#94bc4d\u00bb]<\/p>\n<p style=\"text-align: center;\"><span style=\"color: #666666; font-size: 30px;\">Para m\u00ed el arte es una poderosa herramienta<br \/>\npara desarrollar\u00a0la propia personalidad\u00a0<\/span><span style=\"color: #666666; font-size: 30px;\">y expresar<br \/>\nlos pensamientos y sentimientos. <\/span><\/p>\n<p>[\/cz_quote][\/vc_column][\/vc_row][vc_row][vc_column offset=\u00bbvc_hidden-lg vc_hidden-md vc_hidden-sm\u00bb][cz_quote style=\u00bbcz_quote_arrow cz_quote_center\u00bb name=\u00bb\u00bb subname=\u00bb\u00bb rating=\u00bb\u00bb quote_position=\u00bbabsolute;top: 10%;left: 10%;\u00bb css_animation=\u00bbbounceIn\u00bb id=\u00bbcz_39336&#8243; quote_color=\u00bb#94bc4d\u00bb]<\/p>\n<p style=\"text-align: center;\"><span style=\"color: #666666; font-size: 30px;\">Para m\u00ed el arte<br \/>\nes una poderosa herramienta para desarrollar la propia personalidad y expresar los pensamientos y sentimientos.<\/span>[\/cz_quote][cz_gap height=\u00bb47px2&#8243;][\/vc_column][\/vc_row][vc_row][vc_column width=\u00bb1\/2&#8243; offset=\u00bbvc_hidden-md vc_hidden-sm vc_hidden-xs\u00bb][cz_gap][vc_gallery type=\u00bbnivo\u00bb interval=\u00bb3&#8243; images=\u00bb12892,12891,12893&#8243; img_size=\u00bbfull\u00bb css_animation=\u00bbfadeInLeft\u00bb][\/vc_column][vc_column width=\u00bb1\/2&#8243; offset=\u00bbvc_hidden-md vc_hidden-sm vc_hidden-xs\u00bb][cz_gap height=\u00bb180px\u00bb]<div id=\"cz_32727\" class=\"cz_32727 cz_title clr cz_title_pos_inline\"><div class=\"cz_title_content\"><div class=\"cz_wpe_content\"><ul>\n<li><span style=\"color: #ffffff; font-size: 18px;\"><span style=\"color: #000000;\">Trabajo principalmente con \u00f3leo, acr\u00edlico o acuarela. Dependiendo del tema, utilizo pinceles o esp\u00e1tulas para pintar. En el centro, como parte m\u00e1s importante de mi arte, est\u00e1 la elecci\u00f3n de los motivos. Decido cuidadosamente lo que quiero representar en el lienzo. A veces me interesa un color determinado, otras un sentimiento o simplemente la decoraci\u00f3n de un espacio. Con el car\u00e1cter sugestivo de mis obras dejo que la imaginaci\u00f3n del espectador siga sus propias asociaciones.<\/span><br \/>\n<\/span><\/li>\n<\/ul>\n<\/div><span class=\"cz_line_side_solo cz_line_side_after\">_<\/span><\/div><\/div>[\/vc_column][\/vc_row][vc_row][vc_column width=\u00bb1\/2&#8243; offset=\u00bbvc_hidden-lg vc_hidden-sm vc_hidden-xs\u00bb][cz_gap][vc_gallery type=\u00bbnivo\u00bb interval=\u00bb3&#8243; images=\u00bb12892,12891,12893&#8243; img_size=\u00bbfull\u00bb css_animation=\u00bbfadeInLeft\u00bb][\/vc_column][vc_column width=\u00bb1\/2&#8243; offset=\u00bbvc_hidden-lg vc_hidden-sm vc_hidden-xs\u00bb][cz_gap height=\u00bb180px\u00bb]<div id=\"cz_44346\" class=\"cz_44346 cz_title clr cz_title_pos_inline\"><div class=\"cz_title_content\"><div class=\"cz_wpe_content\"><ul>\n<li><span style=\"color: #ffffff; font-size: 18px;\"><span style=\"color: #000000;\">Trabajo principalmente con \u00f3leo, acr\u00edlico o acuarela. Dependiendo del tema, utilizo pinceles o esp\u00e1tulas para pintar. En el centro, como parte m\u00e1s importante de mi arte, est\u00e1 la elecci\u00f3n de los motivos. Decido cuidadosamente lo que quiero representar en el lienzo. A veces me interesa un color determinado, otras un sentimiento o simplemente la decoraci\u00f3n de un espacio. Con el car\u00e1cter sugestivo de mis obras dejo que la imaginaci\u00f3n del espectador siga sus propias asociaciones.<\/span><br \/>\n<\/span><\/li>\n<\/ul>\n<\/div><span class=\"cz_line_side_solo cz_line_side_after\">_<\/span><\/div><\/div>[\/vc_column][\/vc_row][vc_row][vc_column width=\u00bb1\/2&#8243; offset=\u00bbvc_hidden-lg vc_hidden-md vc_hidden-xs\u00bb][cz_gap height=\u00bb130px\u00bb][vc_gallery type=\u00bbnivo\u00bb interval=\u00bb3&#8243; images=\u00bb12892,12891,12893&#8243; img_size=\u00bbfull\u00bb css_animation=\u00bbfadeInLeft\u00bb][\/vc_column][vc_column width=\u00bb1\/2&#8243; offset=\u00bbvc_hidden-lg vc_hidden-md vc_hidden-xs\u00bb][cz_gap]<div id=\"cz_34529\" class=\"cz_34529 cz_title clr cz_title_pos_inline\"><div class=\"cz_title_content\"><div class=\"cz_wpe_content\"><ul>\n<li><span style=\"color: #ffffff; font-size: 18px;\"><span style=\"color: #000000;\">Trabajo principalmente con \u00f3leo, acr\u00edlico o acuarela. Dependiendo del tema, utilizo pinceles o esp\u00e1tulas para pintar. En el centro, como parte m\u00e1s importante de mi arte, est\u00e1 la elecci\u00f3n de los motivos. Decido cuidadosamente lo que quiero representar en el lienzo. A veces me interesa un color determinado, otras un sentimiento o simplemente la decoraci\u00f3n de un espacio. Con el car\u00e1cter sugestivo de mis obras dejo que la imaginaci\u00f3n del espectador siga sus propias asociaciones.<\/span><br \/>\n<\/span><\/li>\n<\/ul>\n<\/div><span class=\"cz_line_side_solo cz_line_side_after\">_<\/span><\/div><\/div>[\/vc_column][\/vc_row][vc_row][vc_column width=\u00bb1\/2&#8243; offset=\u00bbvc_hidden-lg vc_hidden-md vc_hidden-sm\u00bb][vc_gallery type=\u00bbnivo\u00bb interval=\u00bb3&#8243; images=\u00bb12892,12891,12893&#8243; img_size=\u00bbfull\u00bb css_animation=\u00bbfadeInLeft\u00bb][\/vc_column][vc_column width=\u00bb1\/2&#8243; offset=\u00bbvc_hidden-lg vc_hidden-md vc_hidden-sm\u00bb]<div id=\"cz_101641\" class=\"cz_101641 cz_title clr cz_title_pos_inline\"><div class=\"cz_title_content\"><div class=\"cz_wpe_content\"><ul>\n<li><span style=\"color: #ffffff; font-size: 18px;\"><span style=\"color: #000000;\">Trabajo principalmente con \u00f3leo, acr\u00edlico o acuarela. Dependiendo del tema, utilizo pinceles o esp\u00e1tulas para pintar. En el centro, como parte m\u00e1s importante de mi arte, est\u00e1 la elecci\u00f3n de los motivos. Decido cuidadosamente lo que quiero representar en el lienzo. A veces me interesa un color determinado, otras un sentimiento o simplemente la decoraci\u00f3n de un espacio. Con el car\u00e1cter sugestivo de mis obras dejo que la imaginaci\u00f3n del espectador siga sus propias asociaciones.<\/span><br \/>\n<\/span><\/li>\n<\/ul>\n<\/div><span class=\"cz_line_side_solo cz_line_side_after\">_<\/span><\/div><\/div>[cz_gap][\/vc_column][\/vc_row][vc_row][vc_column offset=\u00bbvc_hidden-md vc_hidden-sm vc_hidden-xs\u00bb]<div id=\"cz_49878\" class=\"cz_49878 cz_title clr cz_title_has_bg cz_title_has_border cz_title_pos_inline tac\"><div class=\"cz_title_content\"><span class=\"cz_line_side_solo\">_<\/span><div class=\"cz_wpe_content\"><p style=\"text-align: center;\"><span style=\"font-size: 18px; color: #fffffe;\">Pinto porque el arte cura el alma. Es mi forma personal de escapar de lo cotidiano.<\/span><\/p>\n<\/div><\/div><\/div>[cz_gap height=\u00bb100px\u00bb][cz_gap][\/vc_column][\/vc_row][vc_row][vc_column offset=\u00bbvc_hidden-lg vc_hidden-sm vc_hidden-xs\u00bb][cz_gap]<div id=\"cz_49878\" class=\"cz_49878 cz_title clr cz_title_has_bg cz_title_has_border cz_title_pos_inline tac\"><div class=\"cz_title_content\"><span class=\"cz_line_side_solo\">_<\/span><div class=\"cz_wpe_content\"><p style=\"text-align: center;\"><span style=\"font-size: 18px; color: #fffffe;\">Pinto porque el arte cura el alma. Es mi forma personal de escapar de lo cotidiano.<\/span><\/p>\n<\/div><\/div><\/div>[cz_gap height=\u00bb100px\u00bb][cz_gap][\/vc_column][\/vc_row][vc_row][vc_column offset=\u00bbvc_hidden-lg vc_hidden-md vc_hidden-xs\u00bb][cz_gap]<div id=\"cz_46457\" class=\"cz_46457 cz_title clr cz_title_has_bg cz_title_has_border cz_title_pos_inline tac\"><div class=\"cz_title_content\"><span class=\"cz_line_side_solo\">_<\/span><div class=\"cz_wpe_content\"><p style=\"text-align: center;\"><span style=\"font-size: 18px; color: #fffffe;\">Pinto porque el arte cura el alma.<br \/>\nEs mi forma personal de escapar de lo cotidiano.<\/span><\/p>\n<\/div><\/div><\/div>[cz_gap height=\u00bb100px\u00bb][cz_gap][\/vc_column][\/vc_row][vc_row][vc_column offset=\u00bbvc_hidden-lg vc_hidden-md vc_hidden-sm\u00bb]<div id=\"cz_46433\" class=\"cz_46433 cz_title clr cz_title_has_bg cz_title_has_border cz_title_pos_inline\"><div class=\"cz_title_content\"><span class=\"cz_line_side_solo\">_<\/span><div class=\"cz_wpe_content\"><p style=\"text-align: left;\"><span style=\"font-size: 18px; color: #fffffe;\">Pinto porque el arte cura el alma. Es mi forma personal de escapar de lo cotidiano.<\/span><\/p>\n<\/div><\/div><\/div>[cz_gap height=\u00bb70px\u00bb][\/vc_column][\/vc_row][vc_row][vc_column]<div id=\"cz_66348\" class=\"cz_66348 cz_title clr cz_title_pos_inline tac\"><div class=\"cz_title_content\"><div class=\"cz_wpe_content\"><h3 style=\"text-align: center;\">CONTACTO<\/h3>\n<\/div><\/div><\/div>[\/vc_column][\/vc_row][vc_row][vc_column][cz_free_line id=\u00bbcz_56869&#8243; sk_line=\u00bbbackground-color:#94bc4d;height:3px;\u00bb][cz_gap][\/vc_column][\/vc_row][vc_row][vc_column width=\u00bb1\/4&#8243;]<ul id=\"cz_23881\" class=\"cz_23881 cz_stylish_list clr cz_sl_icon_hover_zoom_out\"><li class=\"clr\"><a href=\"http:\/\/jenneylaza-jackson.com\"><div class=\"cz_sl_icon\"><i class=\"fa czico-115-grid-world mr10\"><\/i><\/div><div><span>jenneylaza-jackson.com<\/span><\/div><\/a><\/li><\/ul>[\/vc_column][vc_column width=\u00bb1\/4&#8243;]<ul id=\"cz_55855\" class=\"cz_55855 cz_stylish_list clr cz_sl_icon_hover_zoom_out\"><li class=\"clr\"><a href=\"https:\/\/www.facebook.com\/JeylJack\/\" target=\"_blank\"><div class=\"cz_sl_icon\"><i class=\"fab fa-facebook-square mr10\" ><\/i><\/div><div><span>@JeylJack<\/span><\/div><\/a><\/li><\/ul>[\/vc_column][vc_column width=\u00bb1\/4&#8243;]<ul id=\"cz_53073\" class=\"cz_53073 cz_stylish_list clr cz_sl_icon_hover_zoom_out\"><li class=\"clr\"><a href=\"https:\/\/www.instagram.com\/jenneyljackson\/\" target=\"_blank\"><div class=\"cz_sl_icon\"><i class=\"fab fa-instagram mr10\" ><\/i><\/div><div><span>jennyljackson<\/span><\/div><\/a><\/li><\/ul>[\/vc_column][vc_column width=\u00bb1\/4&#8243;]<ul id=\"cz_69950\" class=\"cz_69950 cz_stylish_list clr cz_sl_icon_hover_zoom_out\"><li class=\"clr\"><a href=\"mailto:jeylaza@yahoo.com\"><div class=\"cz_sl_icon\"><i class=\"fa czico-090-mail-2 mr10\" ><\/i><\/div><div><span>email schreiben<\/span><\/div><\/a><\/li><\/ul>[\/vc_column][\/vc_row][vc_row][vc_column][vc_column_text]&nbsp;<\/p>\n<p style=\"text-align: right;\"><span style=\"font-size: 10px; color: #666666;\">| Retrato Jenney Laza-Jackson: \u00a9 Thomas Williamson<br \/>\n<\/span><span style=\"font-size: 10px; color: #666666;\">otros: \u00a9 Jenney Laza-Jackson<\/span>[\/vc_column_text][\/vc_column][\/vc_row]<\/p>\n","protected":false},"excerpt":{"rendered":"<p>[vc_row][vc_column offset=\u00bbvc_hidden-sm vc_hidden-xs\u00bb][cz_gap][\/vc_column][\/vc_row][vc_row][vc_column][cz_svg svg=\u00bb2&#8243; parallax_h=\u00bbvmouse\u00bb parallax=\u00bb1&#8243; mparallax=\u00bb3&#8243; css_animation=\u00bbfadeInDown\u00bb id=\u00bbcz_104313&#8243; img=\u00bb10765&#8243; pos=\u00bb-48px\u00bb][cz_gap][\/vc_column][\/vc_row][vc_row][vc_column &#8230; <\/p>\n","protected":false},"author":1,"featured_media":0,"parent":0,"menu_order":0,"comment_status":"closed","ping_status":"closed","template":"","meta":{"footnotes":""},"class_list":["post-12888","page","type-page","status-publish","hentry"],"_links":{"self":[{"href":"https:\/\/margarita.gallery\/es\/wp-json\/wp\/v2\/pages\/12888","targetHints":{"allow":["GET"]}}],"collection":[{"href":"https:\/\/margarita.gallery\/es\/wp-json\/wp\/v2\/pages"}],"about":[{"href":"https:\/\/margarita.gallery\/es\/wp-json\/wp\/v2\/types\/page"}],"author":[{"embeddable":true,"href":"https:\/\/margarita.gallery\/es\/wp-json\/wp\/v2\/users\/1"}],"replies":[{"embeddable":true,"href":"https:\/\/margarita.gallery\/es\/wp-json\/wp\/v2\/comments?post=12888"}],"version-history":[{"count":56,"href":"https:\/\/margarita.gallery\/es\/wp-json\/wp\/v2\/pages\/12888\/revisions"}],"predecessor-version":[{"id":22331,"href":"https:\/\/margarita.gallery\/es\/wp-json\/wp\/v2\/pages\/12888\/revisions\/22331"}],"wp:attachment":[{"href":"https:\/\/margarita.gallery\/es\/wp-json\/wp\/v2\/media?parent=12888"}],"curies":[{"name":"wp","href":"https:\/\/api.w.org\/{rel}","templated":true}]}}