{"id":18527,"date":"2021-05-12T11:47:58","date_gmt":"2021-05-12T09:47:58","guid":{"rendered":"https:\/\/margarita.gallery\/jenney-laza-jackson-2\/"},"modified":"2021-07-31T11:40:55","modified_gmt":"2021-07-31T09:40:55","slug":"jenney-laza-jackson","status":"publish","type":"page","link":"https:\/\/margarita.gallery\/ca\/jenney-laza-jackson\/","title":{"rendered":"Jenney Laza-Jackson"},"content":{"rendered":"<p>[vc_row][vc_column offset=&#8221;vc_hidden-md vc_hidden-sm vc_hidden-xs&#8221;][cz_gap][\/vc_column][\/vc_row][vc_row][vc_column offset=&#8221;vc_hidden-md vc_hidden-sm vc_hidden-xs&#8221;][cz_svg svg=&#8221;2&#8243; parallax_h=&#8221;vmouse&#8221; parallax=&#8221;1&#8243; mparallax=&#8221;3&#8243; css_animation=&#8221;fadeInDown&#8221; id=&#8221;cz_104313&#8243; img=&#8221;10765&#8243; pos=&#8221;-48px&#8221;][cz_gap][\/vc_column][\/vc_row][vc_row][vc_column width=&#8221;1\/2&#8243; offset=&#8221;vc_hidden-md vc_hidden-sm vc_hidden-xs&#8221;][cz_gap]<div id=\"cz_102202\" class=\"cz_102202 cz_title clr cz_title_pos_inline\"><div class=\"cz_title_content\"><span class=\"cz_line_side_solo\">_<\/span><div class=\"cz_wpe_content\"><h3><span style=\"font-size: 38px; color: #000000;\">Jenney Laza-Jackson<\/span><\/h3>\n<ul>\n<li><span style=\"color: #999999; font-size: 18px;\">Va n\u00e9ixer l&#8217;any 1971 a Cojimar, Cuba<\/span><\/li>\n<li><span style=\"color: #999999; font-size: 18px;\">Amb devers 20 anys va emigrar als EUA; a Hollywood, Florida<\/span><\/li>\n<li><span style=\"color: #999999; font-size: 18px;\"> Actualment viu a les Illes Caiman<\/span><\/li>\n<\/ul>\n<\/div><\/div><\/div>[cz_gap height=&#8221;150px&#8221;]<div id=\"cz_29685\" class=\"cz_29685 cz_title clr cz_title_has_bg cz_title_has_border cz_title_pos_inline\"><div class=\"cz_title_content\"><div class=\"cz_wpe_content\"><span style=\"color: #ffffff;\"><span style=\"font-size: 18px;\">Des de la meva inf\u00e0ncia vaig desenvolupar una relaci\u00f3 natural amb l&#8217;art. M\u00e9s tard vaig estudiar a la universitat per a ser professora d&#8217;art i em vaig submergir en l&#8217;escena art\u00edstica de l&#8217;Havana. En aquesta \u00e8poca vaig provar molts g\u00e8neres art\u00edstics diferents fins que vaig trobar les meves pr\u00f2pies prefer\u00e8ncies. Em guanyava la vida venent treballs de cer\u00e0mica acceptant restauracions i treballs per enc\u00e0rrec. <\/span><\/span><\/div><\/div><\/div>[\/vc_column][vc_column width=&#8221;1\/2&#8243; offset=&#8221;vc_hidden-md vc_hidden-sm vc_hidden-xs&#8221;][cz_image css_animation=&#8221;flipInY&#8221; id=&#8221;cz_22298&#8243; image=&#8221;10766&#8243; sk_css=&#8221;border-style:solid;border-width:1px;border-color:#ffffff;border-radius:2px;box-shadow:1px 1px 1px 0px #848484;&#8221; css_width=&#8221;500px&#8221;][\/cz_image][\/vc_column][\/vc_row][vc_row][vc_column offset=&#8221;vc_hidden-lg vc_hidden-sm vc_hidden-xs&#8221;][cz_gap][cz_svg svg=&#8221;2&#8243; parallax_h=&#8221;vmouse&#8221; parallax=&#8221;1&#8243; mparallax=&#8221;3&#8243; css_animation=&#8221;fadeInDown&#8221; id=&#8221;cz_104313&#8243; img=&#8221;10765&#8243; pos=&#8221;-48px&#8221;][cz_gap][\/vc_column][\/vc_row][vc_row][vc_column width=&#8221;1\/2&#8243; offset=&#8221;vc_hidden-lg vc_hidden-sm vc_hidden-xs&#8221;]<div id=\"cz_40200\" class=\"cz_40200 cz_title clr cz_title_pos_inline\"><div class=\"cz_title_content\"><span class=\"cz_line_side_solo\">_<\/span><div class=\"cz_wpe_content\"><h3><span style=\"font-size: 38px; color: #000000;\">Jenney Laza-Jackson<\/span><\/h3>\n<ul>\n<li><span style=\"color: #999999; font-size: 18px;\">Va n\u00e9ixer l&#8217;any 1971 a Cojimar, Cuba<\/span><\/li>\n<li><span style=\"color: #999999; font-size: 18px;\">Amb devers 20 anys va emigrar als EUA; a Hollywood, Florida<\/span><\/li>\n<li><span style=\"color: #999999; font-size: 18px;\"> Actualment viu a les Illes Caiman<\/span><\/li>\n<\/ul>\n<\/div><\/div><\/div>[cz_gap height=&#8221;65px&#8221;]<div id=\"cz_29685\" class=\"cz_29685 cz_title clr cz_title_has_bg cz_title_has_border cz_title_pos_inline\"><div class=\"cz_title_content\"><div class=\"cz_wpe_content\"><span style=\"color: #ffffff;\"><span style=\"font-size: 18px;\">Des de la meva inf\u00e0ncia vaig desenvolupar una relaci\u00f3 natural amb l&#8217;art. M\u00e9s tard vaig estudiar a la universitat per a ser professora d&#8217;art i em vaig submergir en l&#8217;escena art\u00edstica de l&#8217;Havana. En aquesta \u00e8poca vaig provar molts g\u00e8neres art\u00edstics diferents fins que vaig trobar les meves pr\u00f2pies prefer\u00e8ncies. Em guanyava la vida venent treballs de cer\u00e0mica acceptant restauracions i treballs per enc\u00e0rrec. <\/span><\/span><\/div><\/div><\/div>[\/vc_column][vc_column width=&#8221;1\/2&#8243; offset=&#8221;vc_hidden-lg vc_hidden-sm vc_hidden-xs&#8221;][cz_image css_animation=&#8221;flipInY&#8221; id=&#8221;cz_17901&#8243; image=&#8221;10766&#8243; sk_css=&#8221;border-style:solid;border-width:1px;border-color:#ffffff;border-radius:2px;box-shadow:1px 1px 1px 0px #848484;&#8221; css_width=&#8221;425px&#8221;]&nbsp;<\/p>\n<p>&nbsp;[\/cz_image][\/vc_column][\/vc_row][vc_row][vc_column offset=&#8221;vc_hidden-lg vc_hidden-md vc_hidden-xs&#8221;][cz_svg svg=&#8221;2&#8243; parallax_h=&#8221;vmouse&#8221; parallax=&#8221;1&#8243; mparallax=&#8221;3&#8243; css_animation=&#8221;fadeInDown&#8221; id=&#8221;cz_104313&#8243; img=&#8221;10765&#8243; pos=&#8221;-48px&#8221;][cz_gap][\/vc_column][\/vc_row][vc_row][vc_column width=&#8221;1\/2&#8243; offset=&#8221;vc_hidden-lg vc_hidden-md vc_hidden-xs&#8221;][cz_gap]<div id=\"cz_102690\" class=\"cz_102690 cz_title clr cz_title_pos_inline\"><div class=\"cz_title_content\"><span class=\"cz_line_side_solo\">_<\/span><div class=\"cz_wpe_content\"><h3><span style=\"font-size: 38px; color: #000000;\">Jenney Laza-Jackson<\/span><\/h3>\n<ul>\n<li><span style=\"color: #999999; font-size: 18px;\">Va n\u00e9ixer l&#8217;any 1971 a Cojimar, Cuba<\/span><\/li>\n<li><span style=\"color: #999999; font-size: 18px;\">Amb devers 20 anys va emigrar als EUA; a Hollywood, Florida<\/span><\/li>\n<li><span style=\"color: #999999; font-size: 18px;\"> Actualment viu a les Illes Caiman<\/span><\/li>\n<\/ul>\n<\/div><\/div><\/div>[cz_gap height=&#8221;150px&#8221;][\/vc_column][vc_column width=&#8221;1\/2&#8243; offset=&#8221;vc_hidden-lg vc_hidden-md vc_hidden-xs&#8221;][cz_image css_animation=&#8221;flipInY&#8221; id=&#8221;cz_88515&#8243; image=&#8221;10766&#8243; sk_css=&#8221;border-style:solid;border-width:1px;border-color:#ffffff;border-radius:2px;box-shadow:1px 1px 1px 0px #848484;&#8221; css_width=&#8221;325px&#8221;]&nbsp;<\/p>\n<p>&nbsp;[\/cz_image][\/vc_column][\/vc_row][vc_row][vc_column offset=&#8221;vc_hidden-lg vc_hidden-md vc_hidden-xs&#8221;]<div id=\"cz_29685\" class=\"cz_29685 cz_title clr cz_title_has_bg cz_title_has_border cz_title_pos_inline\"><div class=\"cz_title_content\"><div class=\"cz_wpe_content\"><span style=\"color: #ffffff;\"><span style=\"font-size: 18px;\">Des de la meva inf\u00e0ncia vaig desenvolupar una relaci\u00f3 natural amb l&#8217;art. M\u00e9s tard vaig estudiar a la universitat per a ser professora d&#8217;art i em vaig submergir en l&#8217;escena art\u00edstica de l&#8217;Havana. En aquesta \u00e8poca vaig provar molts g\u00e8neres art\u00edstics diferents fins que vaig trobar les meves pr\u00f2pies prefer\u00e8ncies. Em guanyava la vida venent treballs de cer\u00e0mica acceptant restauracions i treballs per enc\u00e0rrec. <\/span><\/span><\/div><\/div><\/div>[\/vc_column][\/vc_row][vc_row][vc_column offset=&#8221;vc_hidden-lg vc_hidden-md vc_hidden-sm&#8221;][cz_svg svg=&#8221;2&#8243; parallax_h=&#8221;vmouse&#8221; parallax=&#8221;1&#8243; mparallax=&#8221;3&#8243; css_animation=&#8221;fadeInDown&#8221; id=&#8221;cz_104313&#8243; img=&#8221;10765&#8243; pos=&#8221;-48px&#8221;][cz_gap][\/vc_column][\/vc_row][vc_row][vc_column width=&#8221;1\/2&#8243; offset=&#8221;vc_hidden-lg vc_hidden-md vc_hidden-sm&#8221;]<div id=\"cz_15887\" class=\"cz_15887 cz_title clr cz_title_pos_inline\"><div class=\"cz_title_content\"><span class=\"cz_line_side_solo\">_<\/span><div class=\"cz_wpe_content\"><h3><span style=\"font-size: 38px; color: #000000;\">Jenney Laza-Jackson<\/span><\/h3>\n<ul>\n<li><span style=\"color: #999999; font-size: 18px;\">Va n\u00e9ixer l&#8217;any 1971 a Cojimar, Cuba<\/span><\/li>\n<li><span style=\"color: #999999; font-size: 18px;\">Amb devers 20 anys va emigrar als EUA; a Hollywood, Florida<\/span><\/li>\n<li><span style=\"color: #999999; font-size: 18px;\"> Actualment viu a les Illes Caiman<\/span><\/li>\n<\/ul>\n<\/div><\/div><\/div>[cz_gap height=&#8221;30px&#8221;][cz_image css_animation=&#8221;flipInY&#8221; id=&#8221;cz_85643&#8243; image=&#8221;10766&#8243; sk_css=&#8221;border-style:solid;border-width:1px;border-color:#ffffff;border-radius:2px;box-shadow:1px 1px 1px 0px #848484;&#8221;][\/cz_image][cz_gap height=&#8221;30px&#8221;][\/vc_column][vc_column width=&#8221;1\/2&#8243; offset=&#8221;vc_hidden-lg vc_hidden-md vc_hidden-sm&#8221;]<div id=\"cz_85448\" class=\"cz_85448 cz_title clr cz_title_has_bg cz_title_has_border cz_title_pos_inline\"><div class=\"cz_title_content\"><div class=\"cz_wpe_content\"><span style=\"color: #ffffff;\"><span style=\"font-size: 18px;\">Des de la meva inf\u00e0ncia vaig desenvolupar una relaci\u00f3 natural amb l&#8217;art. M\u00e9s tard vaig estudiar a la universitat per a ser professora d&#8217;art i em vaig submergir en l&#8217;escena art\u00edstica de l&#8217;Havana. En aquesta \u00e8poca vaig provar molts g\u00e8neres art\u00edstics diferents fins que vaig trobar les meves pr\u00f2pies prefer\u00e8ncies. Em guanyava la vida venent treballs de cer\u00e0mica acceptant restauracions i treballs per enc\u00e0rrec. <\/span><\/span><\/div><\/div><\/div>[cz_gap height=&#8221;30px&#8221;][\/vc_column][\/vc_row][vc_row][vc_column offset=&#8221;vc_hidden-md vc_hidden-sm vc_hidden-xs&#8221;][cz_gap height=&#8221;70px&#8221;][cz_quote style=&#8221;cz_quote_arrow cz_quote_center&#8221; name=&#8221;&#8221; subname=&#8221;&#8221; rating=&#8221;&#8221; quote_position=&#8221;absolute;top: 10%;left: 10%;&#8221; css_animation=&#8221;bounceIn&#8221; id=&#8221;cz_17948&#8243; quote_color=&#8221;#94bc4d&#8221;]<\/p>\n<p style=\"text-align: center;\"><span style=\"color: #666666; font-size: 30px;\">Per a mi l&#8217;art \u00e9s una eina poderosa per desenvolupar la pr\u00f2pia personalitat<br \/>\n<\/span><span style=\"color: #666666; font-size: 30px;\">i expressar els pensaments i sentiments.<\/span>[\/cz_quote][cz_gap height=&#8221;47px2&#8243;][\/vc_column][\/vc_row][vc_row][vc_column offset=&#8221;vc_hidden-lg vc_hidden-sm vc_hidden-xs&#8221;][cz_gap height=&#8221;20px&#8221;][cz_quote style=&#8221;cz_quote_arrow cz_quote_center&#8221; name=&#8221;&#8221; subname=&#8221;&#8221; rating=&#8221;&#8221; quote_position=&#8221;absolute;top: 10%;left: 10%;&#8221; css_animation=&#8221;bounceIn&#8221; id=&#8221;cz_103226&#8243; quote_color=&#8221;#94bc4d&#8221;]<\/p>\n<p style=\"text-align: center;\"><span style=\"color: #666666; font-size: 30px;\">Per a mi l&#8217;art \u00e9s una eina poderosa per desenvolupar la pr\u00f2pia personalitat\u00a0<\/span><span style=\"color: #666666; font-size: 30px;\">i expressar els pensaments i sentiments.<\/span><\/p>\n<p>[\/cz_quote][cz_gap height=&#8221;47px2&#8243;][\/vc_column][\/vc_row][vc_row][vc_column offset=&#8221;vc_hidden-lg vc_hidden-md vc_hidden-xs&#8221;][cz_gap height=&#8221;70px&#8221;][cz_quote style=&#8221;cz_quote_arrow cz_quote_center&#8221; name=&#8221;&#8221; subname=&#8221;&#8221; rating=&#8221;&#8221; quote_position=&#8221;absolute;top: 10%;left: 10%;&#8221; css_animation=&#8221;bounceIn&#8221; id=&#8221;cz_17948&#8243; quote_color=&#8221;#94bc4d&#8221;]<\/p>\n<p style=\"text-align: center;\"><span style=\"color: #666666; font-size: 30px;\">Per a mi l&#8217;art \u00e9s una eina poderosa per desenvolupar la pr\u00f2pia personalitat<br \/>\n<\/span><span style=\"color: #666666; font-size: 30px;\">i expressar els pensaments i sentiments.<\/span>[\/cz_quote][cz_gap height=&#8221;47px2&#8243;][\/vc_column][\/vc_row][vc_row][vc_column offset=&#8221;vc_hidden-lg vc_hidden-md vc_hidden-sm&#8221;][cz_quote style=&#8221;cz_quote_arrow cz_quote_center&#8221; name=&#8221;&#8221; subname=&#8221;&#8221; rating=&#8221;&#8221; quote_position=&#8221;absolute;top: 10%;left: 10%;&#8221; css_animation=&#8221;bounceIn&#8221; id=&#8221;cz_109179&#8243; quote_color=&#8221;#94bc4d&#8221;]<\/p>\n<p style=\"text-align: center;\"><span style=\"color: #666666; font-size: 30px;\">Per a mi l&#8217;art \u00e9s una eina poderosa per desenvolupar la pr\u00f2pia personalitat<br \/>\ni expressar els pensaments i sentiments.<\/span>[\/cz_quote][cz_gap height=&#8221;47px2&#8243;][\/vc_column][\/vc_row][vc_row][vc_column width=&#8221;1\/2&#8243; offset=&#8221;vc_hidden-md vc_hidden-sm vc_hidden-xs&#8221;][cz_gap][vc_gallery type=&#8221;nivo&#8221; interval=&#8221;3&#8243; images=&#8221;18531,18530,18532&#8243; img_size=&#8221;full&#8221; css_animation=&#8221;fadeInLeft&#8221;][\/vc_column][vc_column width=&#8221;1\/2&#8243; offset=&#8221;vc_hidden-md vc_hidden-sm vc_hidden-xs&#8221;][cz_gap height=&#8221;180px&#8221;]<div id=\"cz_32727\" class=\"cz_32727 cz_title clr cz_title_pos_inline\"><div class=\"cz_title_content\"><div class=\"cz_wpe_content\"><ul>\n<li><span style=\"color: #ffffff; font-size: 18px;\"><span style=\"color: #000000;\">Treball principalment amb oli, acr\u00edlic o aquarel\u00b7la. Depenent del tema, utilitz pinzells o esp\u00e0tules per pintar. Al centre, com a part m\u00e9s important del meu art, hi ha la tria dels motius. Decidesc acuradament el que vull representar en el llen\u00e7. De vegades m&#8217;interessa un color determinat, d&#8217;altres un sentiment o simplement la decoraci\u00f3 d&#8217;una habitaci\u00f3. Amb el car\u00e0cter suggestiu de les meves obres deix que la imaginaci\u00f3 de l&#8217;espectador segueixi les seves pr\u00f2pies associacions.<\/span><br \/>\n<\/span><\/li>\n<\/ul>\n<\/div><span class=\"cz_line_side_solo cz_line_side_after\">_<\/span><\/div><\/div>[\/vc_column][\/vc_row][vc_row][vc_column width=&#8221;1\/2&#8243; offset=&#8221;vc_hidden-lg vc_hidden-sm vc_hidden-xs&#8221;][cz_gap][vc_gallery type=&#8221;nivo&#8221; interval=&#8221;3&#8243; images=&#8221;18531,18530,18532&#8243; img_size=&#8221;full&#8221; css_animation=&#8221;fadeInLeft&#8221;][\/vc_column][vc_column width=&#8221;1\/2&#8243; offset=&#8221;vc_hidden-lg vc_hidden-sm vc_hidden-xs&#8221;][cz_gap height=&#8221;180px&#8221;]<div id=\"cz_106082\" class=\"cz_106082 cz_title clr cz_title_pos_inline\"><div class=\"cz_title_content\"><div class=\"cz_wpe_content\"><ul>\n<li><span style=\"color: #ffffff; font-size: 18px;\"><span style=\"color: #000000;\">Treball principalment amb oli, acr\u00edlic o aquarel\u00b7la. Depenent del tema, utilitz pinzells o esp\u00e0tules per pintar. Al centre, com a part m\u00e9s important del meu art, hi ha la tria dels motius. Decidesc acuradament el que vull representar en el llen\u00e7. De vegades m&#8217;interessa un color determinat, d&#8217;altres un sentiment o simplement la decoraci\u00f3 d&#8217;una habitaci\u00f3. Amb el car\u00e0cter suggestiu de les meves obres deix que la imaginaci\u00f3 de l&#8217;espectador segueixi les seves pr\u00f2pies associacions.<\/span><br \/>\n<\/span><\/li>\n<\/ul>\n<\/div><span class=\"cz_line_side_solo cz_line_side_after\">_<\/span><\/div><\/div>[\/vc_column][\/vc_row][vc_row][vc_column width=&#8221;1\/2&#8243; offset=&#8221;vc_hidden-lg vc_hidden-md vc_hidden-xs&#8221;][cz_gap height=&#8221;120px&#8221;][vc_gallery type=&#8221;nivo&#8221; interval=&#8221;3&#8243; images=&#8221;18531,18530,18532&#8243; img_size=&#8221;full&#8221; css_animation=&#8221;fadeInLeft&#8221;][\/vc_column][vc_column width=&#8221;1\/2&#8243; offset=&#8221;vc_hidden-lg vc_hidden-md vc_hidden-xs&#8221;][cz_gap]<div id=\"cz_35824\" class=\"cz_35824 cz_title clr cz_title_pos_inline\"><div class=\"cz_title_content\"><div class=\"cz_wpe_content\"><ul>\n<li><span style=\"color: #ffffff; font-size: 18px;\"><span style=\"color: #000000;\">Treball principalment amb oli, acr\u00edlic o aquarel\u00b7la. Depenent del tema, utilitz pinzells o esp\u00e0tules per pintar. Al centre, com a part m\u00e9s important del meu art, hi ha la tria dels motius. Decidesc acuradament el que vull representar en el llen\u00e7. De vegades m&#8217;interessa un color determinat, d&#8217;altres un sentiment o simplement la decoraci\u00f3 d&#8217;una habitaci\u00f3. Amb el car\u00e0cter suggestiu de les meves obres deix que la imaginaci\u00f3 de l&#8217;espectador segueixi les seves pr\u00f2pies associacions.<\/span><br \/>\n<\/span><\/li>\n<\/ul>\n<\/div><span class=\"cz_line_side_solo cz_line_side_after\">_<\/span><\/div><\/div>[\/vc_column][\/vc_row][vc_row][vc_column width=&#8221;1\/2&#8243; offset=&#8221;vc_hidden-lg vc_hidden-md vc_hidden-sm&#8221;][vc_gallery type=&#8221;nivo&#8221; interval=&#8221;3&#8243; images=&#8221;18531,18530,18532&#8243; img_size=&#8221;full&#8221; css_animation=&#8221;fadeInLeft&#8221;][\/vc_column][vc_column width=&#8221;1\/2&#8243; offset=&#8221;vc_hidden-lg vc_hidden-md vc_hidden-sm&#8221;][cz_gap]<div id=\"cz_15587\" class=\"cz_15587 cz_title clr cz_title_pos_inline\"><div class=\"cz_title_content\"><div class=\"cz_wpe_content\"><ul>\n<li><span style=\"color: #ffffff; font-size: 18px;\"><span style=\"color: #000000;\">Treball principalment amb oli, acr\u00edlic o aquarel\u00b7la. Depenent del tema, utilitz pinzells o esp\u00e0tules per pintar. Al centre, com a part m\u00e9s important del meu art, hi ha la tria dels motius. Decidesc acuradament el que vull representar en el llen\u00e7. De vegades m&#8217;interessa un color determinat, d&#8217;altres un sentiment o simplement la decoraci\u00f3 d&#8217;una habitaci\u00f3. Amb el car\u00e0cter suggestiu de les meves obres deix que la imaginaci\u00f3 de l&#8217;espectador segueixi les seves pr\u00f2pies associacions.<\/span><br \/>\n<\/span><\/li>\n<\/ul>\n<\/div><span class=\"cz_line_side_solo cz_line_side_after\">_<\/span><\/div><\/div>[cz_gap][\/vc_column][\/vc_row][vc_row][vc_column offset=&#8221;vc_hidden-md vc_hidden-sm vc_hidden-xs&#8221;]<div id=\"cz_49878\" class=\"cz_49878 cz_title clr cz_title_has_bg cz_title_has_border cz_title_pos_inline tac\"><div class=\"cz_title_content\"><span class=\"cz_line_side_solo\">_<\/span><div class=\"cz_wpe_content\"><p style=\"text-align: center;\"><span style=\"font-size: 18px; color: #fffffe;\">Pint perqu\u00e8 l&#8217;art cura l&#8217;\u00e0nima. \u00c9s la meva manera personal d&#8217;escapar de la quotidianitat.<\/span><\/p>\n<\/div><\/div><\/div>[cz_gap height=&#8221;100px&#8221;][cz_gap][\/vc_column][\/vc_row][vc_row][vc_column offset=&#8221;vc_hidden-lg vc_hidden-sm vc_hidden-xs&#8221;]<div id=\"cz_49878\" class=\"cz_49878 cz_title clr cz_title_has_bg cz_title_has_border cz_title_pos_inline tac\"><div class=\"cz_title_content\"><span class=\"cz_line_side_solo\">_<\/span><div class=\"cz_wpe_content\"><p style=\"text-align: center;\"><span style=\"font-size: 18px; color: #fffffe;\">Pint perqu\u00e8 l&#8217;art cura l&#8217;\u00e0nima. \u00c9s la meva manera personal d&#8217;escapar de la quotidianitat.<\/span><\/p>\n<\/div><\/div><\/div>[cz_gap height=&#8221;100px&#8221;][cz_gap][\/vc_column][\/vc_row][vc_row][vc_column offset=&#8221;vc_hidden-lg vc_hidden-md vc_hidden-xs&#8221;][cz_gap height=&#8221;80px&#8221;]<div id=\"cz_48266\" class=\"cz_48266 cz_title clr cz_title_has_bg cz_title_has_border cz_title_pos_inline tac\"><div class=\"cz_title_content\"><span class=\"cz_line_side_solo\">_<\/span><div class=\"cz_wpe_content\"><p style=\"text-align: center;\"><span style=\"font-size: 18px; color: #fffffe;\">Pint perqu\u00e8 l&#8217;art cura l&#8217;\u00e0nima.<br \/>\n\u00c9s la meva manera personal d&#8217;escapar de la quotidianitat.<\/span><\/div><\/div><\/div>[cz_gap height=&#8221;100px&#8221;][cz_gap][\/vc_column][\/vc_row][vc_row][vc_column offset=&#8221;vc_hidden-lg vc_hidden-md vc_hidden-sm&#8221;]<div id=\"cz_42856\" class=\"cz_42856 cz_title clr cz_title_has_bg cz_title_has_border cz_title_pos_inline\"><div class=\"cz_title_content\"><span class=\"cz_line_side_solo\">_<\/span><div class=\"cz_wpe_content\"><p style=\"text-align: left;\"><span style=\"font-size: 18px; color: #fffffe;\">Pint perqu\u00e8 l&#8217;art cura l&#8217;\u00e0nima. \u00c9s la meva manera personal d&#8217;escapar de la quotidianitat.<\/span><\/p>\n<\/div><\/div><\/div>[cz_gap height=&#8221;70px&#8221;][\/vc_column][\/vc_row][vc_row][vc_column]<div id=\"cz_94617\" class=\"cz_94617 cz_title clr cz_title_pos_inline tac\"><div class=\"cz_title_content\"><div class=\"cz_wpe_content\"><h3 style=\"text-align: center;\">CONTACTE<\/h3>\n<\/div><\/div><\/div>[\/vc_column][\/vc_row][vc_row][vc_column][cz_free_line id=&#8221;cz_56869&#8243; sk_line=&#8221;background-color:#94bc4d;height:3px;&#8221;][cz_gap][\/vc_column][\/vc_row][vc_row][vc_column width=&#8221;1\/4&#8243;]<ul id=\"cz_38520\" class=\"cz_38520 cz_stylish_list clr cz_sl_icon_hover_zoom_out\"><li class=\"clr\"><a href=\"http:\/\/jenneylaza-jackson.com\"><div class=\"cz_sl_icon\"><i class=\"fa czico-115-grid-world mr10\"><\/i><\/div><div><span>jenneylaza-jackson.com<\/span><\/div><\/a><\/li><\/ul>[\/vc_column][vc_column width=&#8221;1\/4&#8243;]<ul id=\"cz_57139\" class=\"cz_57139 cz_stylish_list clr cz_sl_icon_hover_zoom_out\"><li class=\"clr\"><a href=\"https:\/\/www.facebook.com\/JeylJack\/\" target=\"_blank\"><div class=\"cz_sl_icon\"><i class=\"fab fa-facebook-square mr10\" ><\/i><\/div><div><span>@JeylJack<\/span><\/div><\/a><\/li><\/ul>[\/vc_column][vc_column width=&#8221;1\/4&#8243;]<ul id=\"cz_19904\" class=\"cz_19904 cz_stylish_list clr cz_sl_icon_hover_zoom_out\"><li class=\"clr\"><a href=\"https:\/\/www.instagram.com\/jenneyljackson\/\" target=\"_blank\"><div class=\"cz_sl_icon\"><i class=\"fab fa-instagram mr10\" ><\/i><\/div><div><span>jennyljackson<\/span><\/div><\/a><\/li><\/ul>[\/vc_column][vc_column width=&#8221;1\/4&#8243;]<ul id=\"cz_40502\" class=\"cz_40502 cz_stylish_list clr cz_sl_icon_hover_zoom_out\"><li class=\"clr\"><a href=\"mailto:jeylaza@yahoo.com\"><div class=\"cz_sl_icon\"><i class=\"fa czico-090-mail-2 mr10\" ><\/i><\/div><div><span>Escriu-me<\/span><\/div><\/a><\/li><\/ul>[\/vc_column][\/vc_row][vc_row][vc_column][vc_column_text]<\/p>\n<p style=\"text-align: right;\"><span style=\"font-size: 10px; color: #666666;\">| Retrat Senyora Laza-Jackson: \u00a9 Thomas Williamson<br \/>\nm\u00e9s imatges: \u00a9 Jenney Laza-Jackson<\/span>[\/vc_column_text][\/vc_column][\/vc_row]<\/p>\n","protected":false},"excerpt":{"rendered":"<p>[vc_row][vc_column offset=&#8221;vc_hidden-md vc_hidden-sm vc_hidden-xs&#8221;][cz_gap][\/vc_column][\/vc_row][vc_row][vc_column offset=&#8221;vc_hidden-md vc_hidden-sm vc_hidden-xs&#8221;][cz_svg svg=&#8221;2&#8243; parallax_h=&#8221;vmouse&#8221; parallax=&#8221;1&#8243; mparallax=&#8221;3&#8243; &#8230; <\/p>\n","protected":false},"author":1,"featured_media":0,"parent":0,"menu_order":0,"comment_status":"closed","ping_status":"closed","template":"","meta":{"footnotes":""},"class_list":["post-18527","page","type-page","status-publish","hentry"],"_links":{"self":[{"href":"https:\/\/margarita.gallery\/ca\/wp-json\/wp\/v2\/pages\/18527","targetHints":{"allow":["GET"]}}],"collection":[{"href":"https:\/\/margarita.gallery\/ca\/wp-json\/wp\/v2\/pages"}],"about":[{"href":"https:\/\/margarita.gallery\/ca\/wp-json\/wp\/v2\/types\/page"}],"author":[{"embeddable":true,"href":"https:\/\/margarita.gallery\/ca\/wp-json\/wp\/v2\/users\/1"}],"replies":[{"embeddable":true,"href":"https:\/\/margarita.gallery\/ca\/wp-json\/wp\/v2\/comments?post=18527"}],"version-history":[{"count":49,"href":"https:\/\/margarita.gallery\/ca\/wp-json\/wp\/v2\/pages\/18527\/revisions"}],"predecessor-version":[{"id":22318,"href":"https:\/\/margarita.gallery\/ca\/wp-json\/wp\/v2\/pages\/18527\/revisions\/22318"}],"wp:attachment":[{"href":"https:\/\/margarita.gallery\/ca\/wp-json\/wp\/v2\/media?parent=18527"}],"curies":[{"name":"wp","href":"https:\/\/api.w.org\/{rel}","templated":true}]}}