{"id":15498,"date":"2021-04-07T18:43:45","date_gmt":"2021-04-07T16:43:45","guid":{"rendered":"https:\/\/margarita.gallery\/termes-del-servei\/"},"modified":"2021-04-07T18:43:45","modified_gmt":"2021-04-07T16:43:45","slug":"termes-del-servei","status":"publish","type":"page","link":"https:\/\/margarita.gallery\/ca\/botiga\/termes-del-servei\/","title":{"rendered":"Termes del servei"},"content":{"rendered":"<p><strong>Abast<\/strong><\/p>\n<p>La vostra comanda electr\u00f2nica de Margarita &#8211; Col\u00b7lectiu d\u2019Art es basa en aquests termes i condicions generals.<\/p>\n<p><strong> <\/strong><\/p>\n<p><strong>Soci contractual<\/strong><\/p>\n<p>El contracte de compra es conclou amb:<\/p>\n<p>Marcos Gittis<\/p>\n<p>C \/ de l &#8216;Ec\u00f3nom Pere Gelabert 46<\/p>\n<p>07680 Porto Cristo<\/p>\n<p>Mallorca \/ Espanya<\/p>\n<p><strong>Oferta i celebraci\u00f3 del contracte<\/strong><\/p>\n<p>La presentaci\u00f3 dels productes a la botiga en l\u00ednia no \u00e9s una oferta legalment vinculant, sin\u00f3 una invitaci\u00f3 a fer una comanda.<\/p>\n<p>En fer clic al bot\u00f3 &#8220;Comanda de pagament&#8221;, envieu una declaraci\u00f3 d&#8217;intenci\u00f3 vinculant per demanar els productes que apareixen a la p\u00e0gina de la comanda. El contracte de compra es conclou quan confirmem la vostra comanda immediatament despr\u00e9s de concloure-la enviant un correu electr\u00f2nic de confirmaci\u00f3 a l\u2019adre\u00e7a de correu electr\u00f2nic que vau proporcionar. Aquest correu electr\u00f2nic de confirmaci\u00f3 cont\u00e9 totes les dades de la comanda.<\/p>\n<p>La comanda de mercaderies amb condicions contractuals la guardarem fins que es processin. Aquestes dades les trobareu disponibles en forma de correu electr\u00f2nic enviat despr\u00e9s de la conclusi\u00f3 del contracte. Tamb\u00e9 teniu l\u2019opci\u00f3 de desar o imprimir el text del contracte en fer la comanda.<\/p>\n<p>Les comandes realitzades un cap de setmana o festius es processaran el dia h\u00e0bil seg\u00fcent. Els dies laborables s\u00f3n de dilluns a divendres, tret que siguin festius del Regne d\u2019Espanya.<\/p>\n<p><strong>privadesa<\/strong><\/p>\n<p>Amb la vostra comanda, accepteu l\u2019emmagatzematge i l\u2019\u00fas de les vostres dades del formulari de comanda per processar la compra i l\u2019enviament del producte que heu seleccionat. Si ho sol\u00b7liciteu per escrit, us proporcionarem una c\u00f2pia de les dades que hem emmagatzemat sobre vosaltres. Consulteu la nostra pol\u00edtica de privadesa.<\/p>\n<p><strong>Despeses de devoluci\u00f3<\/strong><\/p>\n<p>Si exerciu el vostre dret legal de desistiment, haureu d\u2019assumir els costos de la devoluci\u00f3.<\/p>\n<p><strong><span style=\"text-decoration: line-through;\"> <\/span><\/strong><\/p>\n<p><strong>Preus i despeses d&#8217;enviament<\/strong><\/p>\n<p>Els preus indicats a les p\u00e0gines del producte inclouen l\u2019impost legal de vendes i altres components del preu.<\/p>\n<p>A m\u00e9s dels preus indicats, cobrem les despeses d&#8217;enviament per l&#8217;enviament. Les despeses d\u2019enviament se us comunicaran clarament a les p\u00e0gines del producte, al sistema de la cistella de la compra i a la p\u00e0gina de la comanda.<\/p>\n<p><strong> <\/strong><\/p>\n<p><strong>Pagament i lliurament<\/strong><\/p>\n<p>El preu de compra s\u2019ha de pagar per endavant i s\u2019ha de pagar amb la comanda. La mercaderia nom\u00e9s s\u2019enviar\u00e0 un cop s\u2019hagi ingressat el preu de compra i les despeses d\u2019enviament al nostre compte. El pagament es fa mitjan\u00e7ant PayPal, targeta de cr\u00e8dit o transfer\u00e8ncia banc\u00e0ria.<\/p>\n<p><strong> <\/strong><\/p>\n<p><strong>Conservaci\u00f3 del t\u00edtol<\/strong><\/p>\n<p>La mercaderia continua sent propietat nostra fins que hagi estat pagada \u00edntegrament.<\/p>\n<p><strong>For\u00e7a major<\/strong><\/p>\n<p>En la mesura m\u00e0xima permesa per la llei, Margarita &#8211; Col\u00b7lectiu d\u2019Art, representat per Marcos Gittis, no ser\u00e0 responsable de cap retard en el compliment de les seves obligacions segons aquests Termes i condicions si aquest retard es produeix per circumst\u00e0ncies alienes a la responsabilitat de Margarita &#8211; Col\u00b7lectiu d\u2019Art \u00e9s i Margarita &#8211; Col\u00b7lectiu d\u2019Art t\u00e9 dret a un per\u00edode de gr\u00e0cia raonable en el compliment de les seves obligacions.<\/p>\n<p><strong>Lloc de jurisdicci\u00f3<\/strong><\/p>\n<p>El lloc de jurisdicci\u00f3 i actuaci\u00f3 \u00e9s Mallorca (Illes Balears), Espanya.<\/p>\n<p>Versi\u00f3 GTC 02\/2021<\/p>\n<p><strong>Dret de desistiment<\/strong><\/p>\n<p><strong>Dret de desistiment<\/strong><\/p>\n<p>Podeu revocar la declaraci\u00f3 de contracte en un termini de dues setmanes en forma de text (per exemple, carta, correu electr\u00f2nic) sense donar cap motiu. No obstant aix\u00f2, el termini no comen\u00e7a abans que el destinatari hagi rebut la mercaderia. L\u2019enviament oport\u00fa de la cancel\u00b7laci\u00f3 \u00e9s suficient per complir el termini de cancel\u00b7laci\u00f3. La revocaci\u00f3 s\u2019ha d\u2019enviar a:<\/p>\n<p><strong>Margarita &#8211; Col\u00b7lectiu d\u2019Art<\/strong><\/p>\n<p>C \/ dels Navegants 1<\/p>\n<p>07680 Porto Cristo<\/p>\n<p>Mallorca \/ Espanya<\/p>\n<p>Correu electr\u00f2nic:<a href=\"mailto:mail@margarita.gallery\"> mail@margarita.gallery<\/a><\/p>\n<p><strong> <\/strong><\/p>\n<p><strong>Proc\u00e9s de retirada<\/strong><\/p>\n<p>Si no us agrada el producte o si heu demanat un producte diferent del que vol\u00edeu, indiqueu-nos-ho dins dels 14 dies posteriors a la recepci\u00f3 de la mercaderia. Pagareu les despeses de devoluci\u00f3 si feu \u00fas del vostre dret de desistiment. Despr\u00e9s de rebre l\u2019obra d\u2019art retornada en perfecte estat, us retornarem l\u2019import de la compra. El risc de danys o p\u00e8rdues correspon al client fins que no arribi la devoluci\u00f3 a Margarita &#8211; Col\u00b7lectiu d\u2019Art. Ens reservem el dret de no retornar l&#8217;import de la compra si l&#8217;obra d&#8217;art s&#8217;ha danyat o s&#8217;ha modificat d&#8217;alguna manera.<\/p>\n<hr>\n<p><strong>Formulari de retirada<\/strong><\/p>\n<p>Si voleu cancel\u00b7lar el contracte, empleneu aquest formulari i envieu-lo signat per correu postal o per correu electr\u00f2nic.<\/p>\n<p>Enc\u00e8s<\/p>\n<p><strong>Margarita &#8211; Col\u00b7lectiu d\u2019Art<\/strong><\/p>\n<p>C \/ dels Navegants 1<\/p>\n<p>07680 Porto Cristo<\/p>\n<p>Mallorca \/ Espanya<\/p>\n<p><a href=\"mailto:mail@margarita.gallery\">mail@margarita.gallery<\/a><\/p>\n<p><em>Revoco el contracte que he signat per la compra de les seg\u00fcents obres d&#8217;art: <\/em><\/p>\n<p>&#8230;&#8230;&#8230;&#8230;&#8230;&#8230;&#8230;&#8230;&#8230;&#8230;&#8230;&#8230;&#8230;&#8230;&#8230;&#8230;&#8230;&#8230;&#8230;&#8230;&#8230;&#8230;&#8230;&#8230;&#8230;&#8230;<\/p>\n<p>&#8230;&#8230;&#8230;&#8230;&#8230;&#8230;&#8230;&#8230;&#8230;&#8230;&#8230;&#8230;&#8230;&#8230;&#8230;&#8230;&#8230;&#8230;&#8230;&#8230;&#8230;&#8230;&#8230;&#8230;&#8230;&#8230;<\/p>\n<p>(Nom de l&#8217;obra d&#8217;art, n\u00famero de comanda i preu)<\/p>\n<p>Productes encarregats a:<\/p>\n<p>&#8230;&#8230;&#8230;&#8230;&#8230;&#8230;&#8230;&#8230;&#8230;..<\/p>\n<p>data<\/p>\n<p>Es van rebre mercaderies el:<\/p>\n<p>&#8230;&#8230;&#8230;&#8230;&#8230;&#8230;&#8230;&#8230;&#8230;..<\/p>\n<p>data<\/p>\n<p>Nom i adre\u00e7a del client<\/p>\n<p>&#8230;&#8230;&#8230;&#8230;&#8230;&#8230;&#8230;&#8230;&#8230;..<\/p>\n<p>&#8230;&#8230;&#8230;&#8230;&#8230;&#8230;&#8230;&#8230;&#8230;..<\/p>\n<p>&#8230;&#8230;&#8230;&#8230;&#8230;&#8230;&#8230;&#8230;&#8230;..<\/p>\n<p>&#8230;&#8230;&#8230;&#8230;&#8230;&#8230;&#8230;&#8230;&#8230;..<\/p>\n<p>data<\/p>\n<p>&#8230;&#8230;&#8230;&#8230;&#8230;&#8230;&#8230;&#8230;&#8230;&#8230;&#8230;&#8230;&#8230;&#8230;&#8230;&#8230;&#8230;.<\/p>\n<p>Signatura del client<\/p>\n","protected":false},"excerpt":{"rendered":"<p>Abast La vostra comanda electr\u00f2nica de Margarita &#8211; Col\u00b7lectiu d\u2019Art es &#8230; <\/p>\n","protected":false},"author":1,"featured_media":0,"parent":16844,"menu_order":0,"comment_status":"closed","ping_status":"closed","template":"","meta":{"footnotes":""},"class_list":["post-15498","page","type-page","status-publish","hentry"],"_links":{"self":[{"href":"https:\/\/margarita.gallery\/ca\/wp-json\/wp\/v2\/pages\/15498","targetHints":{"allow":["GET"]}}],"collection":[{"href":"https:\/\/margarita.gallery\/ca\/wp-json\/wp\/v2\/pages"}],"about":[{"href":"https:\/\/margarita.gallery\/ca\/wp-json\/wp\/v2\/types\/page"}],"author":[{"embeddable":true,"href":"https:\/\/margarita.gallery\/ca\/wp-json\/wp\/v2\/users\/1"}],"replies":[{"embeddable":true,"href":"https:\/\/margarita.gallery\/ca\/wp-json\/wp\/v2\/comments?post=15498"}],"version-history":[{"count":0,"href":"https:\/\/margarita.gallery\/ca\/wp-json\/wp\/v2\/pages\/15498\/revisions"}],"up":[{"embeddable":true,"href":"https:\/\/margarita.gallery\/ca\/wp-json\/wp\/v2\/pages\/16844"}],"wp:attachment":[{"href":"https:\/\/margarita.gallery\/ca\/wp-json\/wp\/v2\/media?parent=15498"}],"curies":[{"name":"wp","href":"https:\/\/api.w.org\/{rel}","templated":true}]}}